{"id":18311,"date":"2020-11-06T13:55:23","date_gmt":"2020-11-06T13:55:23","guid":{"rendered":"http:\/\/www.habios.eu\/fr\/?page_id=18311"},"modified":"2020-12-28T12:03:58","modified_gmt":"2020-12-28T11:03:58","slug":"seminaire-final","status":"publish","type":"page","link":"https:\/\/www.habios.eu\/fr\/seminaire-final\/","title":{"rendered":"S\u00e9minaire final"},"content":{"rendered":"<div class=\"flex_column av_one_full  flex_column_div av-zero-column-padding first  \" style='border-radius:0px; '><section class=\"av_textblock_section \"  itemscope=\"itemscope\" itemtype=\"https:\/\/schema.org\/CreativeWork\" ><div class='avia_textblock  '   itemprop=\"text\" ><h1 style=\"text-align: center;\">S\u00c9MINAIRE FINAL. Projet EFA079\/15 HABIOS<\/h1>\n<h2 style=\"text-align: center;\"><strong>P R O G R A M M E<\/strong><\/h2>\n<\/div><\/section><\/div>\n<div class=\"flex_column av_three_fourth  flex_column_div av-zero-column-padding first  \" style='border-radius:0px; '><p><div style='padding-bottom:10px; font-size:20px;' class='av-special-heading av-special-heading-h3  blockquote modern-quote   av-inherit-size '><h3 class='av-special-heading-tag '  itemprop=\"headline\"  >MERCREDI 28 de octobre<\/h3><div class='special-heading-border'><div class='special-heading-inner-border' ><\/div><\/div><\/div><br \/>\n<div class=\"togglecontainer  av-minimal-toggle toggle_close_all \" >\n<section class=\"av_toggle_section\"  itemscope=\"itemscope\" itemtype=\"https:\/\/schema.org\/CreativeWork\"  >    <div class=\"single_toggle\" data-tags=\"{Todo} \"  >        <p data-fake-id=\"#toggle-id-1\" class=\"toggler  av-inherit-font-color \"  itemprop=\"headline\"  style='background-color: #f9f9f9; color: #000000; '>Actions men\u00e9es pour la conservation des galliformes de montagne<span class=\"toggle_icon\" style='border-color:#000000;'>        <span class=\"vert_icon\"><\/span><span class=\"hor_icon\"><\/span><\/span><\/p>        <div id=\"toggle-id-1-container\" class=\"toggle_wrap \"  >            <div class=\"toggle_content invers-color  av-inherit-font-color \"  itemprop=\"text\"  style='background-color: #f9f9f9; color: #000000; ' ><ul>\n<li><strong>Pr\u00e9sentation du project EFA079\/15 HABIOS: <\/strong><strong>Pr\u00e9server et g\u00e9rer les habitats des oiseaux bioindicateurs des Pyr\u00e9n\u00e9es.<\/strong><\/li>\n<\/ul>\n<p style=\"padding-left: 100px;\"><a href=\"https:\/\/vimeo.com\/494089610\"><img loading=\"lazy\" decoding=\"async\" class=\"alignnone\" src=\"https:\/\/www.habios.eu\/wp-content\/uploads\/2020\/11\/video.png\" alt=\"\" width=\"25\" height=\"25\" \/><\/a> <strong>Pablo Mu\u00f1oz<\/strong>.\u00a0Director General de Medio Ambiente del Gobierno de Navarra<\/p>\n<ul>\n<li><strong>Introduction de la journ\u00e9e. Actions de suivi des galliformes de montagne \u00e0 l\u2019aide des nouvelles technologies<\/strong><\/li>\n<\/ul>\n<p style=\"padding-left: 100px;\"><a href=\"https:\/\/www.habios.eu\/wp-content\/uploads\/2020\/11\/2020-10-28_1_02-Kevin-Foulche.pdf\"><img loading=\"lazy\" decoding=\"async\" class=\"alignnone\" src=\"https:\/\/www.habios.eu\/wp-content\/uploads\/2020\/11\/VerPDF.png\" alt=\"\" width=\"25\" height=\"25\" \/><\/a> <a href=\"https:\/\/vimeo.com\/494089706\"><img loading=\"lazy\" decoding=\"async\" class=\"alignnone\" src=\"https:\/\/www.habios.eu\/wp-content\/uploads\/2020\/11\/video.png\" alt=\"\" width=\"25\" height=\"25\" \/><\/a> <strong>Kevin Foulch\u00e9<\/strong>. Office Fran\u00e7ais de la Biodiversit\u00e9. Mod\u00e9rateur<\/p>\n<ul>\n<li><strong>Capture et suivi de la perdrix grise dans les pyr\u00e9n\u00e9es aragonaises<\/strong><\/li>\n<\/ul>\n<p style=\"padding-left: 100px;\"><a href=\"https:\/\/www.habios.eu\/wp-content\/uploads\/2020\/11\/2020-10-28_1_03-Ramon-Jato.pdf\"><img loading=\"lazy\" decoding=\"async\" class=\"alignnone\" src=\"https:\/\/www.habios.eu\/wp-content\/uploads\/2020\/11\/VerPDF.png\" alt=\"\" width=\"25\" height=\"25\" \/><\/a> <a href=\"https:\/\/vimeo.com\/494089791\"><img loading=\"lazy\" decoding=\"async\" class=\"alignnone\" src=\"https:\/\/www.habios.eu\/wp-content\/uploads\/2020\/11\/video.png\" alt=\"\" width=\"25\" height=\"25\" \/><\/a> <strong>Ram\u00f3n Jato<\/strong>.\u00a0SARGA, Sociedad Instrumental del Gobierno de Arag\u00f3n<\/p>\n<ul>\n<li><strong>Utilisation de l&#8217;espace des perdrix grises suivies par \u00e9metteurs GPS en Haute-Garonne<\/strong><\/li>\n<\/ul>\n<p style=\"padding-left: 100px;\"><a href=\"https:\/\/www.habios.eu\/wp-content\/uploads\/2020\/11\/2020-10-28_1_04-Karine-Saint-Hilaire.pdf\"><img loading=\"lazy\" decoding=\"async\" class=\"alignnone\" src=\"https:\/\/www.habios.eu\/wp-content\/uploads\/2020\/11\/VerPDF.png\" alt=\"\" width=\"25\" height=\"25\" \/><\/a> <a href=\"https:\/\/vimeo.com\/494089924\"><img loading=\"lazy\" decoding=\"async\" class=\"alignnone\" src=\"https:\/\/www.habios.eu\/wp-content\/uploads\/2020\/11\/video.png\" alt=\"\" width=\"25\" height=\"25\" \/><\/a> <strong>Karine Saint-Hilaire<\/strong>. F\u00e9d\u00e9ration R\u00e9gionale des Chasseurs d\u2019Occitanie<\/p>\n<ul>\n<li><strong>Capture et suivi de galliformes en Catalunya<\/strong><\/li>\n<\/ul>\n<p style=\"padding-left: 100px;\"><a href=\"https:\/\/www.habios.eu\/wp-content\/uploads\/2020\/11\/2020-10-28_1_05-Ivan-Afonso.pdf\"><img loading=\"lazy\" decoding=\"async\" class=\"alignnone\" src=\"https:\/\/www.habios.eu\/wp-content\/uploads\/2020\/11\/VerPDF.png\" alt=\"\" width=\"25\" height=\"25\" \/><\/a> <a href=\"https:\/\/vimeo.com\/494090158\"><img loading=\"lazy\" decoding=\"async\" class=\"alignnone\" src=\"https:\/\/www.habios.eu\/wp-content\/uploads\/2020\/11\/video.png\" alt=\"\" width=\"25\" height=\"25\" \/><\/a> <strong>Ivan Afonso<\/strong>.\u00a0Conselh Generau d&#8217;Aran<\/p>\n<ul>\n<li><strong>Exp\u00e9rience de marquage et de suivi du grand t\u00e9tras en France<\/strong><\/li>\n<\/ul>\n<p style=\"padding-left: 100px;\"><a href=\"https:\/\/www.habios.eu\/wp-content\/uploads\/2020\/11\/2020-10-28_1_06-Quentin-Giry.pdf\"><img loading=\"lazy\" decoding=\"async\" class=\"alignnone\" src=\"https:\/\/www.habios.eu\/wp-content\/uploads\/2020\/11\/VerPDF.png\" alt=\"\" width=\"25\" height=\"25\" \/><\/a> <a href=\"https:\/\/vimeo.com\/494090299\"><img loading=\"lazy\" decoding=\"async\" class=\"alignnone\" src=\"https:\/\/www.habios.eu\/wp-content\/uploads\/2020\/11\/video.png\" alt=\"\" width=\"25\" height=\"25\" \/><\/a> <strong>Quentin Giry<\/strong>.\u00a0Office National des For\u00eats<\/p>\n<ul>\n<li><strong>Nouvelles technologies pour le suivi des populations du grand t\u00e9tras: pi\u00e9geage photographique et bioacoustique<\/strong><\/li>\n<\/ul>\n<p style=\"padding-left: 100px;\"><a href=\"https:\/\/www.habios.eu\/wp-content\/uploads\/2020\/11\/2020-10-28_1_07-David-Guixe.pdf\"><img loading=\"lazy\" decoding=\"async\" class=\"alignnone\" src=\"https:\/\/www.habios.eu\/wp-content\/uploads\/2020\/11\/VerPDF.png\" alt=\"\" width=\"25\" height=\"25\" \/><\/a> <strong>David Guix\u00e9<\/strong>.\u00a0Centre de Ci\u00e8ncia i Tecnologia Forestal de Catalunya<\/p>\n<ul>\n<li><strong>Suivi acoustique de la r\u00e9ponse de la biodiversit\u00e9 \u00e0 la restauration des habitats du grand t\u00e9tras<\/strong><\/li>\n<\/ul>\n<p style=\"padding-left: 100px;\"><a href=\"https:\/\/www.habios.eu\/wp-content\/uploads\/2020\/11\/2020-10-28_1_08-Kevin-Foulche.pdf\"><img loading=\"lazy\" decoding=\"async\" class=\"alignnone\" src=\"https:\/\/www.habios.eu\/wp-content\/uploads\/2020\/11\/VerPDF.png\" alt=\"\" width=\"25\" height=\"25\" \/><\/a> <a href=\"https:\/\/vimeo.com\/494090440\"><img loading=\"lazy\" decoding=\"async\" class=\"alignnone\" src=\"https:\/\/www.habios.eu\/wp-content\/uploads\/2020\/11\/video.png\" alt=\"\" width=\"25\" height=\"25\" \/><\/a> <strong>Kevin Foulch\u00e9<\/strong>. Office Fran\u00e7ais de la Biodiversit\u00e9<\/p>\n<ul>\n<li><strong>Int\u00e9gration des technologies drone et lidar terrestre appliqu\u00e9e \u00e0 la caract\u00e9risation structurelle de l&#8217;habitat du grand t\u00e9tras \u00e0 l&#8217;\u00e9chelle du peuplement<\/strong><\/li>\n<\/ul>\n<p style=\"padding-left: 100px;\"><a href=\"https:\/\/www.habios.eu\/wp-content\/uploads\/2020\/11\/2020-10-28_1_09-Txema-Martinez-Oscar-Schwendtner.pdf\"><img loading=\"lazy\" decoding=\"async\" class=\"alignnone\" src=\"https:\/\/www.habios.eu\/wp-content\/uploads\/2020\/11\/VerPDF.png\" alt=\"\" width=\"25\" height=\"25\" \/><\/a> <a href=\"https:\/\/vimeo.com\/494090517\"><img loading=\"lazy\" decoding=\"async\" class=\"alignnone\" src=\"https:\/\/www.habios.eu\/wp-content\/uploads\/2020\/11\/video.png\" alt=\"\" width=\"25\" height=\"25\" \/><\/a> <strong>Jos\u00e9 Mar\u00eda Mart\u00ednez<\/strong>. Gobierno de Arag\u00f3n. <strong>Oscar Schwendtner<\/strong>. Bioma Forestal &amp; 4Datum SL<\/p>\n<ul>\n<li><strong>Restauration de la diversit\u00e9 g\u00e9n\u00e9tique de la population de lagop\u00e8de alpin du cha\u00eenon Canigou-Puigmal: bilan 10 ans apr\u00e8s translocation<\/strong><\/li>\n<\/ul>\n<p style=\"padding-left: 100px;\"><a href=\"https:\/\/www.habios.eu\/wp-content\/uploads\/2020\/11\/2020-10-28_1_10-Emmanuel-Menoni.pdf\"><img loading=\"lazy\" decoding=\"async\" class=\"alignnone\" src=\"https:\/\/www.habios.eu\/wp-content\/uploads\/2020\/11\/VerPDF.png\" alt=\"\" width=\"25\" height=\"25\" \/><\/a> <a href=\"https:\/\/vimeo.com\/494090714\"><img loading=\"lazy\" decoding=\"async\" class=\"alignnone\" src=\"https:\/\/www.habios.eu\/wp-content\/uploads\/2020\/11\/video.png\" alt=\"\" width=\"25\" height=\"25\" \/><\/a> <strong>Emmanuel Menoni<\/strong>.\u00a0Office Fran\u00e7ais de la Biodiversit\u00e9<\/p>\n<ul>\n<li><strong>Bilan des actions de suivi des galliformes<\/strong><\/li>\n<\/ul>\n<p style=\"padding-left: 100px;\"><a href=\"https:\/\/www.habios.eu\/wp-content\/uploads\/2020\/11\/2020-10-28_1_11-Kevin-Foulche.pdf\"><img loading=\"lazy\" decoding=\"async\" class=\"alignnone\" src=\"https:\/\/www.habios.eu\/wp-content\/uploads\/2020\/11\/VerPDF.png\" alt=\"\" width=\"25\" height=\"25\" \/><\/a> <a href=\"https:\/\/vimeo.com\/494090765\"><img loading=\"lazy\" decoding=\"async\" class=\"alignnone\" src=\"https:\/\/www.habios.eu\/wp-content\/uploads\/2020\/11\/video.png\" alt=\"\" width=\"25\" height=\"25\" \/><\/a> <strong>Kevin Foulch\u00e9<\/strong>.\u00a0Office Fran\u00e7ais de la Biodiversit\u00e9<\/p>\n<ul>\n<li><a href=\"https:\/\/vimeo.com\/494090896\"><img loading=\"lazy\" decoding=\"async\" class=\"alignnone\" src=\"https:\/\/www.habios.eu\/wp-content\/uploads\/2020\/11\/video.png\" alt=\"\" width=\"25\" height=\"25\" \/><\/a><strong> QUESTIONS &#8211; R\u00c9PONSES<\/strong><\/li>\n<\/ul>\n            <\/div>        <\/div>    <\/div><\/section>\n<section class=\"av_toggle_section\"  itemscope=\"itemscope\" itemtype=\"https:\/\/schema.org\/CreativeWork\"  >    <div class=\"single_toggle\" data-tags=\"{Todo} \"  >        <p data-fake-id=\"#toggle-id-2\" class=\"toggler  av-inherit-font-color \"  itemprop=\"headline\"  style='background-color: #f9f9f9; color: #000000; '>Actions r\u00e9alis\u00e9es pour la conservation des pics et de la chouette de tengmalm<span class=\"toggle_icon\" style='border-color:#000000;'>        <span class=\"vert_icon\"><\/span><span class=\"hor_icon\"><\/span><\/span><\/p>        <div id=\"toggle-id-2-container\" class=\"toggle_wrap \"  >            <div class=\"toggle_content invers-color  av-inherit-font-color \"  itemprop=\"text\"  style='background-color: #f9f9f9; color: #000000; ' ><ul>\n<li><strong>Introduction de la journ\u00e9e<\/strong><\/li>\n<\/ul>\n<p style=\"padding-left: 100px;\"><a href=\"https:\/\/vimeo.com\/494098663\"><img loading=\"lazy\" decoding=\"async\" class=\"alignnone\" src=\"https:\/\/www.habios.eu\/wp-content\/uploads\/2020\/11\/video.png\" alt=\"\" width=\"25\" height=\"25\" \/><\/a> <strong>Miguel Mari Elosegi<\/strong>. Gobierno de Navarra. Mod\u00e9rateur<\/p>\n<ul>\n<li><strong>Mod\u00e9lisation de l&#8217;habitat \u00e0 l&#8217;\u00e9chelle des pyr\u00e9n\u00e9es: le cas de la chouette de Tengmalm<\/strong><\/li>\n<\/ul>\n<p style=\"padding-left: 100px;\"><a href=\"https:\/\/www.habios.eu\/wp-content\/uploads\/2020\/11\/2020-10-28_2_02-Dani-Villero-Laura-Reorder.pdf\"><img loading=\"lazy\" decoding=\"async\" class=\"alignnone\" src=\"https:\/\/www.habios.eu\/wp-content\/uploads\/2020\/11\/VerPDF.png\" alt=\"\" width=\"25\" height=\"25\" \/><\/a> <a href=\"https:\/\/vimeo.com\/494098681\"><img loading=\"lazy\" decoding=\"async\" class=\"alignnone\" src=\"https:\/\/www.habios.eu\/wp-content\/uploads\/2020\/11\/video.png\" alt=\"\" width=\"25\" height=\"25\" \/><\/a> <strong>Dani Villero y Laura Recoder<\/strong>.\u00a0Centre de Ci\u00e8ncia i Tecnologia Forestal de Catalunya<\/p>\n<ul>\n<li><strong>Recommandations de gestion foresti\u00e8re pour la conservation de la chouette de Tengmalm<\/strong><\/li>\n<\/ul>\n<p style=\"padding-left: 75px;\"><a href=\"https:\/\/www.habios.eu\/wp-content\/uploads\/2020\/11\/2020-10-28_2_03-Ramon-Jato-Jordi-Camprodon.pdf\"><img loading=\"lazy\" decoding=\"async\" class=\"alignnone\" src=\"https:\/\/www.habios.eu\/wp-content\/uploads\/2020\/11\/VerPDF.png\" alt=\"\" width=\"25\" height=\"25\" \/><\/a> <a href=\"https:\/\/vimeo.com\/494098761\"><img loading=\"lazy\" decoding=\"async\" class=\"alignnone\" src=\"https:\/\/www.habios.eu\/wp-content\/uploads\/2020\/11\/video.png\" alt=\"\" width=\"25\" height=\"25\" \/><\/a> <strong>Ram\u00f3n Jato. SARGA<\/strong>. Sociedad Instrumental del Gobierno de Arag\u00f3n.\u00a0 <strong>Jordi Camprodon<\/strong>. Centre de Ci\u00e8ncia i Tecnologia Forestal de Catalunya.<\/p>\n<ul>\n<li><strong>Suivi par GPS du pic \u00e0 dos blanc et gestion de l&#8217;habitat en Navarre<\/strong><\/li>\n<\/ul>\n<p style=\"padding-left: 100px;\"><a href=\"https:\/\/www.habios.eu\/wp-content\/uploads\/2020\/11\/2020-10-28_2_04-David-Campion.pdf\"><img loading=\"lazy\" decoding=\"async\" class=\"alignnone\" src=\"https:\/\/www.habios.eu\/wp-content\/uploads\/2020\/11\/VerPDF.png\" alt=\"\" width=\"25\" height=\"25\" \/><\/a> <a href=\"https:\/\/vimeo.com\/494098892\"><img loading=\"lazy\" decoding=\"async\" class=\"alignnone\" src=\"https:\/\/www.habios.eu\/wp-content\/uploads\/2020\/11\/video.png\" alt=\"\" width=\"25\" height=\"25\" \/><\/a> <strong>David Campi\u00f3n<\/strong>. Responsable du projet HABIOS pur Gesti\u00f3n Ambiental de Navarra (2016-2019)<\/p>\n<ul>\n<li><strong>Le pic noir et les plantations foresti\u00e8res: un habitat de qualit\u00e9?<\/strong><\/li>\n<\/ul>\n<p style=\"padding-left: 100px;\"><a href=\"https:\/\/www.habios.eu\/wp-content\/uploads\/2020\/11\/2020-10-28_2_05-Txema-Fernandez.pdf\"><img loading=\"lazy\" decoding=\"async\" class=\"alignnone\" src=\"https:\/\/www.habios.eu\/wp-content\/uploads\/2020\/11\/VerPDF.png\" alt=\"\" width=\"25\" height=\"25\" \/><\/a> <a href=\"https:\/\/vimeo.com\/494099156\"><img loading=\"lazy\" decoding=\"async\" class=\"alignnone\" src=\"https:\/\/www.habios.eu\/wp-content\/uploads\/2020\/11\/video.png\" alt=\"\" width=\"25\" height=\"25\" \/><\/a> <strong>Jos\u00e9 Mar\u00eda Fern\u00e1ndez<\/strong>. Fundaci\u00f3n HAZI Fundazioa<\/p>\n<ul>\n<li><strong>D\u00e9termination de l&#8217;abondance du pic mar dans le Val d&#8217;Aran par enqu\u00eate participative<\/strong><\/li>\n<\/ul>\n<p style=\"padding-left: 100px;\"><a href=\"https:\/\/www.habios.eu\/wp-content\/uploads\/2020\/11\/2020-10-28_2_06-Ivan-Afonso.pdf\"><img loading=\"lazy\" decoding=\"async\" class=\"alignnone\" src=\"https:\/\/www.habios.eu\/wp-content\/uploads\/2020\/11\/VerPDF.png\" alt=\"\" width=\"25\" height=\"25\" \/><\/a> <a href=\"https:\/\/vimeo.com\/494098295\"><img loading=\"lazy\" decoding=\"async\" class=\"alignnone\" src=\"https:\/\/www.habios.eu\/wp-content\/uploads\/2020\/11\/video.png\" alt=\"\" width=\"25\" height=\"25\" \/><\/a> <strong>Ivan Afonso<\/strong>. Conselh Generau d&#8217;Aran<\/p>\n<ul>\n<li><strong>\u00c9cologie du pic mar et crit\u00e8res de gestion foresti\u00e8re<\/strong><\/li>\n<\/ul>\n<p style=\"padding-left: 100px;\"><a href=\"https:\/\/www.habios.eu\/wp-content\/uploads\/2020\/11\/2020-10-28_2_07-Txema-Fernandez.pdf\"><img loading=\"lazy\" decoding=\"async\" class=\"alignnone\" src=\"https:\/\/www.habios.eu\/wp-content\/uploads\/2020\/11\/VerPDF.png\" alt=\"\" width=\"25\" height=\"25\" \/><\/a> <a href=\"https:\/\/vimeo.com\/494098367\"><img loading=\"lazy\" decoding=\"async\" class=\"alignnone\" src=\"https:\/\/www.habios.eu\/wp-content\/uploads\/2020\/11\/video.png\" alt=\"\" width=\"25\" height=\"25\" \/><\/a> <strong>Jos\u00e9 Mar\u00eda Fern\u00e1ndez<\/strong>. Fundaci\u00f3n HAZI Fundazioa<\/p>\n<ul>\n<li><strong>Orientations pour la conservation des esp\u00e8ces en gestion foresti\u00e8re et cas pratiques<\/strong><\/li>\n<\/ul>\n<p style=\"padding-left: 100px;\"><a href=\"https:\/\/www.habios.eu\/wp-content\/uploads\/2020\/11\/2020-10-28_2_08-Jordi-Camprodon.pdf\"><img loading=\"lazy\" decoding=\"async\" class=\"alignnone\" src=\"https:\/\/www.habios.eu\/wp-content\/uploads\/2020\/11\/VerPDF.png\" alt=\"\" width=\"25\" height=\"25\" \/><\/a> <a href=\"https:\/\/vimeo.com\/494098488\"><img loading=\"lazy\" decoding=\"async\" class=\"alignnone\" src=\"https:\/\/www.habios.eu\/wp-content\/uploads\/2020\/11\/video.png\" alt=\"\" width=\"25\" height=\"25\" \/><\/a> <strong>Jordi Camprodon<\/strong>. Centre de Ci\u00e8ncia i Tecnologia Forestal de Catalunya<\/p>\n<ul>\n<li><a href=\"https:\/\/vimeo.com\/495154824\"><img loading=\"lazy\" decoding=\"async\" class=\"alignnone\" src=\"https:\/\/www.habios.eu\/wp-content\/uploads\/2020\/11\/video.png\" alt=\"\" width=\"25\" height=\"25\" \/><\/a><strong> QUESTIONS &#8211; R\u00c9PONSES<\/strong><\/li>\n<\/ul>\n            <\/div>        <\/div>    <\/div><\/section>\n<\/div><br \/>\n<section class=\"av_textblock_section \"  itemscope=\"itemscope\" itemtype=\"https:\/\/schema.org\/CreativeWork\" ><div class='avia_textblock  '   itemprop=\"text\" ><\/div><\/section><br \/>\n<section class=\"av_textblock_section \"  itemscope=\"itemscope\" itemtype=\"https:\/\/schema.org\/CreativeWork\" ><div class='avia_textblock  '   itemprop=\"text\" ><\/div><\/section><br \/>\n<section class=\"av_textblock_section \"  itemscope=\"itemscope\" itemtype=\"https:\/\/schema.org\/CreativeWork\" ><div class='avia_textblock  '   itemprop=\"text\" ><\/div><\/section><br \/>\n<div style='padding-bottom:10px; font-size:20px;' class='av-special-heading av-special-heading-h3  blockquote modern-quote   av-inherit-size '><h3 class='av-special-heading-tag '  itemprop=\"headline\"  >JEUDI 29 de octobre<\/h3><div class='special-heading-border'><div class='special-heading-inner-border' ><\/div><\/div><\/div><br \/>\n<div class=\"togglecontainer  av-minimal-toggle toggle_close_all \" >\n<section class=\"av_toggle_section\"  itemscope=\"itemscope\" itemtype=\"https:\/\/schema.org\/CreativeWork\"  >    <div class=\"single_toggle\" data-tags=\"{Todo} \"  >        <p data-fake-id=\"#toggle-id-3\" class=\"toggler  av-inherit-font-color \"  itemprop=\"headline\"  style='background-color: #f9f9f9; color: #000000; '>Actions communes et r\u00e9sultats pour la conservation des oiseaux bio-indicateurs des Pyr\u00e9n\u00e9es<span class=\"toggle_icon\" style='border-color:#000000;'>        <span class=\"vert_icon\"><\/span><span class=\"hor_icon\"><\/span><\/span><\/p>        <div id=\"toggle-id-3-container\" class=\"toggle_wrap \"  >            <div class=\"toggle_content invers-color  av-inherit-font-color \"  itemprop=\"text\"  style='background-color: #f9f9f9; color: #000000; ' ><ul>\n<li><strong>Introduction de la journ\u00e9e<\/strong><\/li>\n<\/ul>\n<p style=\"padding-left: 100px;\"><a href=\"https:\/\/www.habios.eu\/wp-content\/uploads\/2020\/11\/2020-10-29_1_00-Quentin-Giry_Intro.pdf\"><img loading=\"lazy\" decoding=\"async\" class=\"alignnone\" src=\"https:\/\/www.habios.eu\/wp-content\/uploads\/2020\/11\/VerPDF.png\" alt=\"\" width=\"25\" height=\"25\" \/><\/a> <strong>Quentin Giry.<\/strong> Office National des For\u00eats. Presentador<\/p>\n<ul>\n<li><strong>Exp\u00e9rience d&#8217;am\u00e9lioration de l&#8217;habitat de la perdrix grise dans les pyr\u00e9n\u00e9es fran\u00e7aises<\/strong><\/li>\n<\/ul>\n<p style=\"padding-left: 100px;\"><a href=\"https:\/\/www.habios.eu\/wp-content\/uploads\/2020\/11\/2020-10-29_1_01-Karine-Saint-Hilaire.pdf\"><img loading=\"lazy\" decoding=\"async\" class=\"alignnone\" src=\"https:\/\/www.habios.eu\/wp-content\/uploads\/2020\/11\/VerPDF.png\" alt=\"\" width=\"25\" height=\"25\" \/><\/a> <a href=\"https:\/\/vimeo.com\/495155211\"><img loading=\"lazy\" decoding=\"async\" class=\"alignnone\" src=\"https:\/\/www.habios.eu\/wp-content\/uploads\/2020\/11\/video.png\" alt=\"\" width=\"25\" height=\"25\" \/><\/a> <strong>Karine Saint-Hilaire.<\/strong> F\u00e9d\u00e9ration R\u00e9gionale des Chasseurs d\u2019Occitanie<\/p>\n<ul>\n<li><strong>Exp\u00e9rience d&#8217;am\u00e9lioration de l&#8217;habitat du grand t\u00e9tras<\/strong><\/li>\n<\/ul>\n<p style=\"padding-left: 100px;\"><a href=\"https:\/\/www.habios.eu\/wp-content\/uploads\/2020\/11\/2020-10-29_1_02-Quentin-Giry.pdf\"><img loading=\"lazy\" decoding=\"async\" class=\"alignnone\" src=\"https:\/\/www.habios.eu\/wp-content\/uploads\/2020\/11\/VerPDF.png\" alt=\"\" width=\"25\" height=\"25\" \/><\/a> <a href=\"https:\/\/vimeo.com\/495155288\"><img loading=\"lazy\" decoding=\"async\" class=\"alignnone\" src=\"https:\/\/www.habios.eu\/wp-content\/uploads\/2020\/11\/video.png\" alt=\"\" width=\"25\" height=\"25\" \/><\/a> <strong>Quentin Giry.<\/strong> Office National des For\u00eats.<\/p>\n<ul>\n<li><strong>Autres exp\u00e9riences d\u2019am\u00e9lioration des habitats de galliformes. Outils de valorisation<\/strong><\/li>\n<\/ul>\n<p style=\"padding-left: 100px;\"><a href=\"https:\/\/www.habios.eu\/wp-content\/uploads\/2020\/11\/2020-10-29_1_03-Karine-Saint-Hilaire.pdf\"><img loading=\"lazy\" decoding=\"async\" class=\"alignnone\" src=\"https:\/\/www.habios.eu\/wp-content\/uploads\/2020\/11\/VerPDF.png\" alt=\"\" width=\"25\" height=\"25\" \/><\/a> <a href=\"https:\/\/vimeo.com\/495155345\"><img loading=\"lazy\" decoding=\"async\" class=\"alignnone\" src=\"https:\/\/www.habios.eu\/wp-content\/uploads\/2020\/11\/video.png\" alt=\"\" width=\"25\" height=\"25\" \/><\/a> <strong>Karine Saint-Hilaire.<\/strong> F\u00e9d\u00e9ration R\u00e9gionale des Chasseurs d\u2019Occitanie<\/p>\n<ul>\n<li><strong>Outils d\u2019\u00e9valuation de l&#8217;efficacit\u00e9 des mesures de gestion<\/strong><\/li>\n<\/ul>\n<p style=\"padding-left: 100px;\"><a href=\"https:\/\/www.habios.eu\/wp-content\/uploads\/2020\/11\/2020-10-29_1_04-Emmanuel-Menoni.pdf\"><img loading=\"lazy\" decoding=\"async\" class=\"alignnone\" src=\"https:\/\/www.habios.eu\/wp-content\/uploads\/2020\/11\/VerPDF.png\" alt=\"\" width=\"25\" height=\"25\" \/><\/a> <a href=\"https:\/\/vimeo.com\/495155460\"><img loading=\"lazy\" decoding=\"async\" class=\"alignnone\" src=\"https:\/\/www.habios.eu\/wp-content\/uploads\/2020\/11\/video.png\" alt=\"\" width=\"25\" height=\"25\" \/><\/a> <strong>Emmanuel Menoni.<\/strong>\u00a0Office Fran\u00e7ais de la Biodiversit\u00e9<\/p>\n<ul>\n<li><strong>\u00c9valuation des actions de conservation des habitats du grand t\u00e9tras en milieu forestier<\/strong><\/li>\n<\/ul>\n<p style=\"padding-left: 100px;\"><a href=\"https:\/\/www.habios.eu\/wp-content\/uploads\/2020\/11\/2020-10-29_1_05-Quentin-Giry.pdf\"><img loading=\"lazy\" decoding=\"async\" class=\"alignnone\" src=\"https:\/\/www.habios.eu\/wp-content\/uploads\/2020\/11\/VerPDF.png\" alt=\"\" width=\"25\" height=\"25\" \/><\/a> <a href=\"https:\/\/vimeo.com\/495155544\"><img loading=\"lazy\" decoding=\"async\" class=\"alignnone\" src=\"https:\/\/www.habios.eu\/wp-content\/uploads\/2020\/11\/video.png\" alt=\"\" width=\"25\" height=\"25\" \/><\/a> <strong>Quentin Giry.<\/strong> Office National des For\u00eats<\/p>\n<ul>\n<li><strong>Actions visant \u00e0 r\u00e9duire les facteurs anthropiques: visualisation de c\u00e2bles et de cl\u00f4tures<\/strong><\/li>\n<\/ul>\n<p style=\"padding-left: 100px;\"><a href=\"https:\/\/www.habios.eu\/wp-content\/uploads\/2020\/11\/2020-10-29_1_06-Julie-Gabrieli.pdf\"><img loading=\"lazy\" decoding=\"async\" class=\"alignnone\" src=\"https:\/\/www.habios.eu\/wp-content\/uploads\/2020\/11\/VerPDF.png\" alt=\"\" width=\"25\" height=\"25\" \/><\/a> <a href=\"https:\/\/vimeo.com\/495155739\"><img loading=\"lazy\" decoding=\"async\" class=\"alignnone\" src=\"https:\/\/www.habios.eu\/wp-content\/uploads\/2020\/11\/video.png\" alt=\"\" width=\"25\" height=\"25\" \/><\/a> <strong>Julie Gabrieli.<\/strong> Observatoire des Galliformes de Montagne<\/p>\n<ul>\n<li><strong>Science citoyenne: enqu\u00eate participative de l&#8217;abondance des pics<\/strong><\/li>\n<\/ul>\n<p style=\"padding-left: 100px;\"><a href=\"https:\/\/www.habios.eu\/wp-content\/uploads\/2020\/11\/2020-10-29_1_07-Julien-Vergne-Virginie-Couanon.pdf\"><img loading=\"lazy\" decoding=\"async\" class=\"alignnone\" src=\"https:\/\/www.habios.eu\/wp-content\/uploads\/2020\/11\/VerPDF.png\" alt=\"\" width=\"25\" height=\"25\" \/><\/a> <a href=\"https:\/\/vimeo.com\/495155824\"><img loading=\"lazy\" decoding=\"async\" class=\"alignnone\" src=\"https:\/\/www.habios.eu\/wp-content\/uploads\/2020\/11\/video.png\" alt=\"\" width=\"25\" height=\"25\" \/><\/a> <strong>Julien Vergne<\/strong>. Association des Naturalistes de l&#8217;Ari\u00e8ge. <strong> Virginie Couanon<\/strong>. LPO<\/p>\n<ul>\n<li><a href=\"https:\/\/vimeo.com\/495154949\"><img loading=\"lazy\" decoding=\"async\" class=\"alignnone\" src=\"https:\/\/www.habios.eu\/wp-content\/uploads\/2020\/11\/video.png\" alt=\"\" width=\"25\" height=\"25\" \/><\/a><strong> QUESTIONS &#8211; R\u00c9PONSES<\/strong><\/li>\n<\/ul>\n<ul>\n<li><strong>Cl\u00f4ture du s\u00e9minaire final de HABIOS<\/strong><\/li>\n<\/ul>\n<p style=\"padding-left: 100px;\"><a href=\"https:\/\/vimeo.com\/495155166\"><img loading=\"lazy\" decoding=\"async\" class=\"alignnone\" src=\"https:\/\/www.habios.eu\/wp-content\/uploads\/2020\/11\/video.png\" alt=\"\" width=\"25\" height=\"25\" \/><\/a> <strong>Luis Sanz.<\/strong> Director-Gerente. Gesti\u00f3n Ambiental de Navarra<\/p>\n            <\/div>        <\/div>    <\/div><\/section>\n<\/div><\/p><\/div><div class=\"flex_column av_one_fourth  flex_column_div av-zero-column-padding   \" style='border-radius:0px; '><div class='avia-image-container  av-styling-    avia-align-center '  itemprop=\"ImageObject\" itemscope=\"itemscope\" itemtype=\"https:\/\/schema.org\/ImageObject\"  ><div class='avia-image-container-inner'><div class='avia-image-overlay-wrap'><img class='avia_image ' src='https:\/\/www.habios.eu\/fr\/wp-content\/uploads\/sites\/2\/2020\/10\/HABIOS-programme_Pag1-207x300.jpg' alt='' title='HABIOS-programme_Pag1' height=\"300\"width=\"207\"  itemprop=\"thumbnailUrl\"  \/><\/div><\/div><\/div><\/div><\/p>\n","protected":false},"excerpt":{"rendered":"","protected":false},"author":2,"featured_media":0,"parent":0,"menu_order":0,"comment_status":"closed","ping_status":"closed","template":"","meta":{"footnotes":""},"class_list":["post-18311","page","type-page","status-publish","hentry"],"_links":{"self":[{"href":"https:\/\/www.habios.eu\/fr\/wp-json\/wp\/v2\/pages\/18311","targetHints":{"allow":["GET"]}}],"collection":[{"href":"https:\/\/www.habios.eu\/fr\/wp-json\/wp\/v2\/pages"}],"about":[{"href":"https:\/\/www.habios.eu\/fr\/wp-json\/wp\/v2\/types\/page"}],"author":[{"embeddable":true,"href":"https:\/\/www.habios.eu\/fr\/wp-json\/wp\/v2\/users\/2"}],"replies":[{"embeddable":true,"href":"https:\/\/www.habios.eu\/fr\/wp-json\/wp\/v2\/comments?post=18311"}],"version-history":[{"count":22,"href":"https:\/\/www.habios.eu\/fr\/wp-json\/wp\/v2\/pages\/18311\/revisions"}],"predecessor-version":[{"id":18381,"href":"https:\/\/www.habios.eu\/fr\/wp-json\/wp\/v2\/pages\/18311\/revisions\/18381"}],"wp:attachment":[{"href":"https:\/\/www.habios.eu\/fr\/wp-json\/wp\/v2\/media?parent=18311"}],"curies":[{"name":"wp","href":"https:\/\/api.w.org\/{rel}","templated":true}]}}